{"id":30697,"date":"2026-03-12T18:21:30","date_gmt":"2026-03-12T18:21:30","guid":{"rendered":"https:\/\/avila.zyrgon.dev\/events\/ia-na-pratica-formacao-solidaria-com-joao-pico-2\/"},"modified":"2026-06-15T12:04:17","modified_gmt":"2026-06-15T12:04:17","slug":"ia-na-pratica-formacao-solidaria-com-joao-pico","status":"publish","type":"avila_event","link":"https:\/\/avila.zyrgon.dev\/pt\/eventos\/ia-na-pratica-formacao-solidaria-com-joao-pico\/","title":{"rendered":"IA na Pr\u00e1tica | Forma\u00e7\u00e3o Solid\u00e1ria com Jo\u00e3o Pico"},"content":{"rendered":"<p>IA na Pr\u00e1tica | Avila Spaces<\/p>\n<p>Avila Spaces<\/p>\n<p>IA na Pr\u00e1tica<\/p>\n<p>Forma\u00e7\u00e3o pr\u00e1tica em Intelig\u00eancia Artificial com impacto social<\/p>\n<p>O Avila Spaces, em parceria com Jo\u00e3o Pico da Comprimido,<br \/>\npromove a forma\u00e7\u00e3o \u201cIA na Pr\u00e1tica\u201d: uma iniciativa que combina capacita\u00e7\u00e3o em Intelig\u00eancia Artificial com impacto social.<\/p>\n<p>A forma\u00e7\u00e3o ser\u00e1 ministrada em portugu\u00eas.<\/p>\n<p>\ud83d\udc99 100% do valor das inscri\u00e7\u00f5es reverte para a C\u00e1ritas, apoiando o<br \/>\nFundo de Emerg\u00eancia Social de Apoio \u00e0s V\u00edtimas da Tempestade Kristin, em Leiria.<\/p>\n<p>Uma oportunidade para aprofundar conhecimentos em IA e, ao mesmo tempo, contribuir para uma causa relevante.<\/p>\n<p>\ud83d\udcc5 Data: 02 de mar\u00e7o<\/p>\n<p>\ud83d\udd58 Hor\u00e1rio: 09h &#8211; 18h<\/p>\n<p>\ud83d\udccd Local: Avila Spaces &#8211; Atrium Saldanha<\/p>\n<p>\ud83c\udf0d Idioma: Portugu\u00eas<\/p>\n<p>\ud83d\udc49 Inscri\u00e7\u00f5es e programa<\/p>\n<blockquote class=\"wp-embedded-content\" data-secret=\"pMGqZCiYC1\"><p><a href=\"https:\/\/comprimido.pt\/leiria\/\" target=\"_blank\" rel=\"noopener\">Leiria<\/a><\/p><\/blockquote>\n<p><iframe class=\"wp-embedded-content\" sandbox=\"allow-scripts\" security=\"restricted\" style=\"position: absolute; visibility: hidden;\" title=\"&#8220;Leiria&#8221; &#8212; \" src=\"https:\/\/comprimido.pt\/leiria\/embed\/#?secret=abeQJnStfx#?secret=pMGqZCiYC1\" data-secret=\"pMGqZCiYC1\" width=\"600\" height=\"338\" frameborder=\"0\" marginwidth=\"0\" marginheight=\"0\" scrolling=\"no\"><\/iframe><\/p>\n<p>Avila Spaces \u2022 Atrium Saldanha<\/p>\n","protected":false},"featured_media":11908,"template":"","avila_organiser":[],"event_type":[],"class_list":["post-30697","avila_event","type-avila_event","status-publish","has-post-thumbnail","hentry"],"acf":[],"_links":{"self":[{"href":"https:\/\/avila.zyrgon.dev\/pt\/wp-json\/wp\/v2\/avila_event\/30697","targetHints":{"allow":["GET"]}}],"collection":[{"href":"https:\/\/avila.zyrgon.dev\/pt\/wp-json\/wp\/v2\/avila_event"}],"about":[{"href":"https:\/\/avila.zyrgon.dev\/pt\/wp-json\/wp\/v2\/types\/avila_event"}],"wp:featuredmedia":[{"embeddable":true,"href":"https:\/\/avila.zyrgon.dev\/pt\/wp-json\/wp\/v2\/media\/11908"}],"wp:attachment":[{"href":"https:\/\/avila.zyrgon.dev\/pt\/wp-json\/wp\/v2\/media?parent=30697"}],"wp:term":[{"taxonomy":"avila_organiser","embeddable":true,"href":"https:\/\/avila.zyrgon.dev\/pt\/wp-json\/wp\/v2\/avila_organiser?post=30697"},{"taxonomy":"event_type","embeddable":true,"href":"https:\/\/avila.zyrgon.dev\/pt\/wp-json\/wp\/v2\/event_type?post=30697"}],"curies":[{"name":"wp","href":"https:\/\/api.w.org\/{rel}","templated":true}]}}